{"id":54,"date":"2019-07-21T06:24:47","date_gmt":"2019-07-21T06:24:47","guid":{"rendered":"http:\/\/wordpress.butterer-duczek.de\/?page_id=54"},"modified":"2024-12-17T18:39:34","modified_gmt":"2024-12-17T18:39:34","slug":"notdienst-und-vertretung","status":"publish","type":"page","link":"https:\/\/www.butterer-duczek.de\/?page_id=54","title":{"rendered":"Notdienst &#8211; Vertretung"},"content":{"rendered":"\n<h3 class=\"wp-block-heading\">Akute und lebensbedrohliche Notf\u00e4lle:<\/h3>\n\n\n\n<figure class=\"wp-block-table is-style-regular\"><table><tbody><tr><td>Feuerwehr \/ Rettungsdienst<\/td><td>Tel : 112 (ohne Vorwahl aus jedem Netz)<\/td><\/tr><\/tbody><\/table><\/figure>\n\n\n\n<h3 class=\"wp-block-heading\">\u00c4rztlicher Notfalldienst<\/h3>\n\n\n\n<p>Der \u00c4rztliche Bereitschaftsdienst \u00fcbernimmt die Vertretung der Haus\u00e4rzte am Wochenende, an Feiertagen und Nachts.<\/p>\n\n\n\n<table class=\"wp-block-table\">\n\n\t<tbody>\n\t\t<tr>\n\t\t\t<td>Adresse<\/td>\n\t\t\t<td>F\u00fcrst-Stirum-Klinik Bruchsal<br>Gutleutstra\u00dfe 1-14<br>76646 Bruchsal<\/td>\n\t\t<\/tr>\n\t\t<tr>\n\t\t\t<td>Telefon<\/td>\n\t\t\t<td>07251 \/ 116 117<\/td>\n\t\t<\/tr>\n\t\t<tr>\n\t\t\t<td>\u00d6ffnungszeiten<\/td>\n\t\t\t<td>\n\t\t\t\n\t\t\t\t<table>\n\t\t\t\t\t<tbody>\n\t\t\t\t\t\t<tr>\n\t\t\t\t\t\t\t<td><strong>Montags:<\/strong<\/td>\n\t\t\t\t\t\t\t<td>19:00 Uhr &#8211; 07:00 Uhr<\/td>\n\t\t\t\t\t\t<\/tr>\n\t\t\t\t\t\t<tr>\n\t\t\t\t\t\t\t<td><strong>Dienstags:<\/strong><\/td>\n\t\t\t\t\t\t\t<td>19:00 Uhr &#8211; 07:00 Uhr<\/td>\n\t\t\t\t\t\t<\/tr>\n\t\t\t\t\t\t<tr>\n\t\t\t\t\t\t\t<td><strong>Mittwochs:<\/strong><\/td>\n\t\t\t\t\t\t\t<td>13:00 Uhr &#8211; 07:00 Uhr<\/td>\n\t\t\t\t\t\t<\/tr>\n\t\t\t\t\t\t<tr>\n\t\t\t\t\t\t\t<td><strong>Donnerstags:<\/strong><\/td>\n\t\t\t\t\t\t\t<td>19:00 Uhr &#8211; 07:00 Uhr<\/td>\n\t\t\t\t\t\t<\/tr>\n\t\t\t\t\t\t<tr>\n\t\t\t\t\t\t\t<td><strong>Freitags:<\/strong><\/td>\n\t\t\t\t\t\t\t<td>19:00 Uhr &#8211; 07:00 Uhr<\/td>\n\t\t\t\t\t\t<\/tr>\n\t\t\t\t\t\t<tr>\n\t\t\t\t\t\t\t<td><strong>Samstags:<\/strong><\/td>\n\t\t\t\t\t\t\t<td>24h<\/td>\n\t\t\t\t\t\t<\/tr>\n\t\t\t\t\t\t<tr>\n\t\t\t\t\t\t\t<td><strong>Sonntags:<\/strong><\/td>\n\t\t\t\t\t\t\t<td>24h<\/td>\n\t\t\t\t\t\t<\/tr>\n\t\t\t\t\t\t<tr>\n\t\t\t\t\t\t\t<td><strong>Feiertage:<\/strong><\/td>\n\t\t\t\t\t\t\t<td>24h<\/td>\n\t\t\t\t\t\t<\/tr>\n\t\t\t\t\t\t\n\t\t\t\t\t<\/tbody>\n\t\t\t\t<\/table>\n\t\t\t\t\n\t\t\t\tStand 08\/2019. F\u00fcr aktuelle Informationen  besuchen Sie <br>\n\t\t\t\tden <a href=\"http:\/\/drk-bruchsal.de\/angebote\/notdienste\/aerztlicher-bereitschaftsdienst.html\">\u00c4rztlichen Bereitschaftsdienst<\/a> direkt\n\t\t\t<\/td>\n\t\t<\/tr>\n\t<\/tbody>\n<\/table>\n\n\n\n<h3 class=\"wp-block-heading\">Vertretung \u00fcbernehmen folgende Kollegen, soweit sie anwesend sind :<\/h3>\n\n\n\n<figure class=\"wp-block-table is-style-stripes\"><table class=\"has-fixed-layout\"><tbody><tr><td>Caroline von M\u00fcller<\/td><td>Obere Au 22<br>76646 Bruchsal &#8211; Obergrombach<\/td><td>07257  \/ 4399<\/td><\/tr><tr><td>Dr. med. Susanne Stoffel<\/td><td>Wendelinusstrasse 38a<br>76646 Bruchsal &#8211; Untergrombach<\/td><td>07257 \/ 929740<\/td><\/tr><tr><td>Dr. med. Stephan Schreibmaier-Faber<\/td><td>Max-Reger-Strasse 12<br>76646 Bruchsal &#8211; Untergrombach<\/td><td>07257 \/ 9291055<\/td><\/tr><tr><td>Dr. Sneja Ivanova<\/td><td>Heidolfstr. 9-11<br>76646 Bruchsal &#8211; Heidelsheim<\/td><td>07251 \/ 953131<\/td><\/tr><\/tbody><\/table><\/figure>\n","protected":false},"excerpt":{"rendered":"<p>Akute und lebensbedrohliche Notf\u00e4lle: Feuerwehr \/ Rettungsdienst Tel : 112 (ohne Vorwahl aus jedem Netz) \u00c4rztlicher Notfalldienst Der \u00c4rztliche Bereitschaftsdienst \u00fcbernimmt die Vertretung der Haus\u00e4rzte am Wochenende, an Feiertagen und Nachts. Adresse F\u00fcrst-Stirum-Klinik BruchsalGutleutstra\u00dfe 1-1476646 Bruchsal Telefon 07251 \/ 116 117 \u00d6ffnungszeiten Montags:<\/p>\n","protected":false},"author":3,"featured_media":0,"parent":0,"menu_order":0,"comment_status":"closed","ping_status":"closed","template":"","meta":{"footnotes":""},"class_list":["post-54","page","type-page","status-publish","hentry"],"_links":{"self":[{"href":"https:\/\/www.butterer-duczek.de\/index.php?rest_route=\/wp\/v2\/pages\/54"}],"collection":[{"href":"https:\/\/www.butterer-duczek.de\/index.php?rest_route=\/wp\/v2\/pages"}],"about":[{"href":"https:\/\/www.butterer-duczek.de\/index.php?rest_route=\/wp\/v2\/types\/page"}],"author":[{"embeddable":true,"href":"https:\/\/www.butterer-duczek.de\/index.php?rest_route=\/wp\/v2\/users\/3"}],"replies":[{"embeddable":true,"href":"https:\/\/www.butterer-duczek.de\/index.php?rest_route=%2Fwp%2Fv2%2Fcomments&post=54"}],"version-history":[{"count":29,"href":"https:\/\/www.butterer-duczek.de\/index.php?rest_route=\/wp\/v2\/pages\/54\/revisions"}],"predecessor-version":[{"id":262,"href":"https:\/\/www.butterer-duczek.de\/index.php?rest_route=\/wp\/v2\/pages\/54\/revisions\/262"}],"wp:attachment":[{"href":"https:\/\/www.butterer-duczek.de\/index.php?rest_route=%2Fwp%2Fv2%2Fmedia&parent=54"}],"curies":[{"name":"wp","href":"https:\/\/api.w.org\/{rel}","templated":true}]}}